{"id":673,"date":"2021-10-06T16:00:28","date_gmt":"2021-10-06T14:00:28","guid":{"rendered":"http:\/\/sylvainbourgois79.com\/?page_id=673"},"modified":"2024-03-27T12:35:43","modified_gmt":"2024-03-27T11:35:43","slug":"services-a-la-personne","status":"publish","type":"page","link":"https:\/\/sylvainbourgois79.com\/?page_id=673","title":{"rendered":"Services \u00e0 la Personne"},"content":{"rendered":"<p>[et_pb_section fb_built= &raquo;1&Prime; admin_label= &raquo;section &raquo; _builder_version= &raquo;4.19.5&Prime; background_color= &raquo;RGBA(255,255,255,0) &raquo; min_height= &raquo;704.5px &raquo; custom_margin= &raquo;||0px||false|false &raquo; custom_padding= &raquo;0px||0px||false|false &raquo; global_colors_info= &raquo;{} &raquo;][et_pb_row _builder_version= &raquo;4.20.4&Prime; _module_preset= &raquo;default &raquo; width= &raquo;100% &raquo; min_height= &raquo;139px &raquo; height= &raquo;114px &raquo; custom_margin= &raquo;45px|0px|2px|auto|false|false &raquo; custom_padding= &raquo;1px||0px|0px|| &raquo; global_colors_info= &raquo;{} &raquo;][et_pb_column type= &raquo;4_4&Prime; _builder_version= &raquo;4.19.5&Prime; _module_preset= &raquo;default &raquo; global_colors_info= &raquo;{} &raquo;][et_pb_text _builder_version= &raquo;4.20.4&Prime; _module_preset= &raquo;65dad63f-7c84-49f7-a8b3-39508daa9fc2&Prime; text_text_color= &raquo;#00871b &raquo; text_font_size= &raquo;34px &raquo; text_letter_spacing= &raquo;5px &raquo; text_line_height= &raquo;1.4em &raquo; background_color= &raquo;#90ee90&Prime; text_orientation= &raquo;justified &raquo; width= &raquo;100% &raquo; max_width= &raquo;100% &raquo; custom_margin_tablet= &raquo; &raquo; custom_margin_phone= &raquo; &raquo; custom_margin_last_edited= &raquo;on|phone &raquo; border_radii= &raquo;on|22px|22px|22px|22px &raquo; global_colors_info= &raquo;{} &raquo;]<\/p>\n<p style=\"text-align: center;\"><strong><\/strong><\/p>\n<p style=\"text-align: center;\"><strong>Services \u00e0 la Personne &amp; D\u00e9ductions Fiscales<\/strong><\/p>\n<p style=\"text-align: center;\"><strong><\/strong><\/p>\n<p>[\/et_pb_text][\/et_pb_column][\/et_pb_row][et_pb_row _builder_version= &raquo;4.20.4&Prime; _module_preset= &raquo;default &raquo; width= &raquo;100% &raquo; custom_margin= &raquo;-3px|auto|95px|auto|false|false &raquo; custom_padding= &raquo;11px||||| &raquo; global_colors_info= &raquo;{} &raquo;][et_pb_column type= &raquo;4_4&Prime; _builder_version= &raquo;4.20.2&Prime; _module_preset= &raquo;default &raquo; global_colors_info= &raquo;{} &raquo;][et_pb_video src_webm= &raquo;https:\/\/sylvainbourgois79.com\/wp-content\/uploads\/2023\/04\/SAP-seul-V2.webm &raquo; image_src= &raquo;https:\/\/sylvainbourgois79.com\/wp-content\/uploads\/2023\/04\/Sylvain-Bourgois-SAP.jpg &raquo; _builder_version= &raquo;4.20.4&Prime; _module_preset= &raquo;eb148eed-c812-4456-8203-7d77d5a03ad5&Prime; custom_margin= &raquo;5px|0px|0px|0px|false|false &raquo; custom_padding= &raquo;0px||||false|false &raquo; border_radii= &raquo;on|30px|30px|30px|30px &raquo; border_width_all= &raquo;11px &raquo; border_color_all= &raquo;#00871B &raquo; global_colors_info= &raquo;{} &raquo;][\/et_pb_video][\/et_pb_column][\/et_pb_row][et_pb_row _builder_version= &raquo;4.20.4&Prime; _module_preset= &raquo;default &raquo; width= &raquo;100% &raquo; min_height= &raquo;139px &raquo; height= &raquo;114px &raquo; custom_margin= &raquo;1px|288px|2px|auto|false|false &raquo; custom_padding= &raquo;1px|||0px|| &raquo; global_colors_info= &raquo;{} &raquo;][et_pb_column type= &raquo;4_4&Prime; _builder_version= &raquo;4.19.5&Prime; _module_preset= &raquo;default &raquo; global_colors_info= &raquo;{} &raquo;][et_pb_text _builder_version= &raquo;4.20.4&Prime; _module_preset= &raquo;65dad63f-7c84-49f7-a8b3-39508daa9fc2&Prime; text_text_color= &raquo;#00871B &raquo; text_font_size= &raquo;34px &raquo; text_letter_spacing= &raquo;5px &raquo; text_line_height= &raquo;1.4em &raquo; background_color= &raquo;#90EE90&Prime; text_orientation= &raquo;justified &raquo; width= &raquo;100% &raquo; max_width= &raquo;100% &raquo; custom_margin_tablet= &raquo; &raquo; custom_margin_phone= &raquo; &raquo; custom_margin_last_edited= &raquo;on|phone &raquo; border_radii= &raquo;on|22px|22px|22px|22px &raquo; global_colors_info= &raquo;{} &raquo;]<\/p>\n<p style=\"text-align: center;\"><strong><\/strong><\/p>\n<p style=\"text-align: center;\"><strong>Auto-Entreprise agr\u00e9\u00e9e depuis 2012<\/strong><\/p>\n<p style=\"text-align: center;\"><strong><\/strong><\/p>\n<p>[\/et_pb_text][\/et_pb_column][\/et_pb_row][et_pb_row column_structure= &raquo;1_2,1_2&Prime; _builder_version= &raquo;4.20.0&Prime; _module_preset= &raquo;default &raquo; vertical_offset= &raquo;-60px &raquo; width= &raquo;99.1% &raquo; min_height= &raquo;309.8px &raquo; custom_margin= &raquo;-12px|auto|-12px|auto|true|false &raquo; custom_padding= &raquo;69px||10px||| &raquo; global_colors_info= &raquo;{} &raquo;][et_pb_column type= &raquo;1_2&Prime; _builder_version= &raquo;4.19.5&Prime; _module_preset= &raquo;default &raquo; background_color= &raquo;#004147&Prime; border_radii= &raquo;on|19px|19px|19px|19px &raquo; border_width_all= &raquo;5px &raquo; border_style_all= &raquo;none &raquo; border_color_bottom= &raquo;rgba(124,218,36,0) &raquo; global_colors_info= &raquo;{} &raquo;][et_pb_text _builder_version= &raquo;4.20.4&Prime; _module_preset= &raquo;65dad63f-7c84-49f7-a8b3-39508daa9fc2&Prime; text_line_height= &raquo;1.6em &raquo; header_line_height= &raquo;1em &raquo; background_color= &raquo;#90EE90&Prime; width= &raquo;100% &raquo; max_width= &raquo;100% &raquo; custom_margin= &raquo;0px||||false|false &raquo; custom_padding= &raquo;5px||5px||false|false &raquo; border_radii= &raquo;on|16px|16px|16px|16px &raquo; global_colors_info= &raquo;{} &raquo;]<\/p>\n<h1 style=\"text-align: center;\"><b><\/b><\/h1>\n<p><b><\/b><\/p>\n<h1 style=\"text-align: center;\"><b>Entreprise Ind\u00e9pendante<\/b><b><\/b><\/h1>\n<p style=\"text-align: center;\"><b>N\u00b0 Siret 538 575 077<\/b><\/p>\n<p style=\"text-align: center;\"><img decoding=\"async\" loading=\"lazy\" src=\"https:\/\/sylvainbourgois79.com\/wp-content\/uploads\/2023\/02\/auto-entrepreneur-modified-300x148.png\" width=\"399\" height=\"197\" alt=\"\" class=\"wp-image-2137 alignnone size-medium\" \/><\/p>\n<p style=\"text-align: center;\">A chaque fin de mois,<\/p>\n<p style=\"text-align: center;\">je vous facture simplement mes heures de cours.<\/p>\n<p style=\"text-align: center;\">Vous n&rsquo;avez \u00e0 effectuer aucune d\u00e9claration<\/p>\n<p style=\"text-align: center;\">compl\u00e9mentaire de charges sociales.<\/p>\n<p style=\"text-align: center;\"><strong><em><\/em><\/strong><\/p>\n<p>[\/et_pb_text][\/et_pb_column][et_pb_column type= &raquo;1_2&Prime; _builder_version= &raquo;4.19.5&Prime; _module_preset= &raquo;default &raquo; background_color= &raquo;#004147&Prime; border_radii= &raquo;on|19px|19px|19px|19px &raquo; border_width_all= &raquo;5px &raquo; border_style_all= &raquo;none &raquo; border_color_bottom= &raquo;rgba(124,218,36,0) &raquo; global_colors_info= &raquo;{} &raquo;][et_pb_text _builder_version= &raquo;4.20.4&Prime; _module_preset= &raquo;65dad63f-7c84-49f7-a8b3-39508daa9fc2&Prime; text_line_height= &raquo;1.6em &raquo; header_line_height= &raquo;1.5em &raquo; background_color= &raquo;#90EE90&Prime; global_colors_info= &raquo;{} &raquo;]<\/p>\n<h1 style=\"text-align: center;\"><\/h1>\n<h1 style=\"text-align: center;\"><\/h1>\n<h1 style=\"text-align: center;\">\u00a0<b>Services \u00e0 la Personne<\/b><b><\/b><\/h1>\n<p style=\"text-align: center;\"><b>Agr\u00e9ment Officiel\u00a0 \u00a0<\/b><b>N\u00b0 2012 0310014<\/b><\/p>\n<p style=\"text-align: center;\"><img decoding=\"async\" loading=\"lazy\" src=\"https:\/\/sylvainbourgois79.com\/wp-content\/uploads\/2023\/02\/aad2-33-modified-300x229.png\" width=\"271\" height=\"207\" alt=\"\" class=\"wp-image-2093 alignnone size-medium\" \/><\/p>\n<p style=\"text-align: center;\">sur les Montants Factur\u00e9s, Vous b\u00e9n\u00e9ficiez<\/p>\n<p style=\"text-align: center;\">de\u00a0 50 % de R\u00e9duction ou de Cr\u00e9dit d&rsquo;Imp\u00f4ts<\/p>\n<p style=\"text-align: center;\">dans la limite d&rsquo;un Plafond de Remboursement<\/p>\n<p style=\"text-align: center;\">de \u00a012 000\u00a0 \u20ac \/ par an)<\/p>\n<p style=\"text-align: center;\">[\/et_pb_text][\/et_pb_column][\/et_pb_row][et_pb_row _builder_version= &raquo;4.20.4&Prime; _module_preset= &raquo;default &raquo; width= &raquo;100% &raquo; min_height= &raquo;139px &raquo; height= &raquo;114px &raquo; custom_margin= &raquo;9px|288px|2px|auto|false|false &raquo; custom_padding= &raquo;1px|||0px|| &raquo; global_colors_info= &raquo;{} &raquo;][et_pb_column type= &raquo;4_4&Prime; _builder_version= &raquo;4.19.5&Prime; _module_preset= &raquo;default &raquo; global_colors_info= &raquo;{} &raquo;][et_pb_text _builder_version= &raquo;4.20.4&Prime; _module_preset= &raquo;65dad63f-7c84-49f7-a8b3-39508daa9fc2&Prime; text_text_color= &raquo;#00871B &raquo; text_font_size= &raquo;34px &raquo; text_letter_spacing= &raquo;5px &raquo; text_line_height= &raquo;1.4em &raquo; background_color= &raquo;#90EE90&Prime; text_orientation= &raquo;justified &raquo; width= &raquo;100% &raquo; max_width= &raquo;100% &raquo; custom_margin_tablet= &raquo; &raquo; custom_margin_phone= &raquo; &raquo; custom_margin_last_edited= &raquo;on|phone &raquo; border_radii= &raquo;on|22px|22px|22px|22px &raquo; global_colors_info= &raquo;{} &raquo;]<\/p>\n<p style=\"text-align: center;\"><strong><\/strong><\/p>\n<p style=\"text-align: center;\"><strong>Vous Accompagner pour la D\u00e9duction Fiscale<\/strong><\/p>\n<p style=\"text-align: center;\"><strong><\/strong><\/p>\n<p>[\/et_pb_text][\/et_pb_column][\/et_pb_row][et_pb_row column_structure= &raquo;1_2,1_2&Prime; _builder_version= &raquo;4.20.4&Prime; _module_preset= &raquo;default &raquo; width= &raquo;100% &raquo; min_height= &raquo;519.8px &raquo; max_height= &raquo;1000px &raquo; custom_margin= &raquo;|-105px|0px|43px|false|false &raquo; custom_padding= &raquo;2px||11px||| &raquo; global_colors_info= &raquo;{} &raquo;][et_pb_column type= &raquo;1_2&Prime; _builder_version= &raquo;4.19.5&Prime; _module_preset= &raquo;default &raquo; background_color= &raquo;#004147&Prime; border_radii= &raquo;on|19px|19px|19px|19px &raquo; border_width_all= &raquo;5px &raquo; border_style_all= &raquo;none &raquo; border_color_bottom= &raquo;rgba(124,218,36,0) &raquo; global_colors_info= &raquo;{} &raquo;][et_pb_text _builder_version= &raquo;4.20.4&Prime; _module_preset= &raquo;65dad63f-7c84-49f7-a8b3-39508daa9fc2&Prime; text_line_height= &raquo;1.7em &raquo; background_color= &raquo;#90EE90&Prime; max_height= &raquo;1000px &raquo; custom_margin= &raquo;0px||0px||false|false &raquo; global_colors_info= &raquo;{} &raquo;]<\/p>\n<p><b><\/b><\/p>\n<h1 style=\"text-align: center;\"><b><\/b><\/h1>\n<h1 style=\"text-align: center;\"><b> Cr\u00e9dit ou R\u00e9duction d&rsquo;Imp\u00f4ts<\/b><\/h1>\n<p style=\"text-align: center;\"><img decoding=\"async\" loading=\"lazy\" src=\"https:\/\/sylvainbourgois79.com\/wp-content\/uploads\/2023\/02\/deduction-fiscale-modified.png\" width=\"246\" height=\"187\" alt=\"\" class=\"wp-image-2100 alignnone size-full\" \/><\/p>\n<p style=\"text-align: center;\">Vous devez simplement conserver<\/p>\n<p style=\"text-align: center;\">les factures et les attestations fiscales<\/p>\n<p style=\"text-align: center;\">que je suis habilit\u00e9 \u00e0 vous remettre<\/p>\n<p style=\"text-align: center;\">Au besoin, je vous renvoie les documents.<\/p>\n<p style=\"text-align: center;\"><span><\/span><\/p>\n<p style=\"text-align: center;\"><span><\/span><\/p>\n<p>[\/et_pb_text][\/et_pb_column][et_pb_column type= &raquo;1_2&Prime; _builder_version= &raquo;4.19.5&Prime; _module_preset= &raquo;default &raquo; background_color= &raquo;#004147&Prime; border_radii= &raquo;on|19px|19px|19px|19px &raquo; border_width_all= &raquo;5px &raquo; border_style_all= &raquo;none &raquo; border_color_bottom= &raquo;rgba(124,218,36,0) &raquo; global_colors_info= &raquo;{} &raquo;][et_pb_text _builder_version= &raquo;4.20.4&Prime; _module_preset= &raquo;65dad63f-7c84-49f7-a8b3-39508daa9fc2&Prime; text_line_height= &raquo;1.6em &raquo; header_font_size= &raquo;35px &raquo; header_letter_spacing= &raquo;2px &raquo; header_line_height= &raquo;1.9em &raquo; background_color= &raquo;#90EE90&Prime; max_height= &raquo;1000px &raquo; border_radii= &raquo;on|16px|16px|16px|16px &raquo; global_colors_info= &raquo;{} &raquo;]<\/p>\n<h1 style=\"text-align: center;\"><b><\/b><\/h1>\n<h1 style=\"text-align: center;\"><b><\/b><\/h1>\n<h1 style=\"text-align: center;\"><b>Attestation Fiscale<\/b><b><\/b><\/h1>\n<p style=\"text-align: center;\"><img decoding=\"async\" loading=\"lazy\" src=\"https:\/\/sylvainbourgois79.com\/wp-content\/uploads\/2023\/02\/immobilier-impot-0608ca-0@1x-modified-1-300x169.png\" width=\"340\" height=\"191\" alt=\"\" class=\"wp-image-2138 alignnone size-medium\" \/><\/p>\n<p style=\"text-align: center;\">Au moment de D\u00e9clarer vos Revenus,<\/p>\n<p style=\"text-align: center;\">je vous assiste pour\u00a0 identifier la\u00a0<span>case 7DB<\/span><\/p>\n<p style=\"text-align: center;\">afin de\u00a0 d\u00e9clarer <span>\u00a0les sommes vers\u00e9es.\u00a0<\/span><\/p>\n<p style=\"text-align: center;\"><span>Je garde copie de vos documents pendant 24 mois.\u00a0<\/span><\/p>\n<p style=\"text-align: center;\"><span><\/span><\/p>\n<p style=\"text-align: center;\"><strong><em><\/em><\/strong><\/p>\n<p>[\/et_pb_text][\/et_pb_column][\/et_pb_row][et_pb_row _builder_version= &raquo;4.20.4&Prime; _module_preset= &raquo;default &raquo; width= &raquo;100% &raquo; min_height= &raquo;139px &raquo; height= &raquo;114px &raquo; custom_margin= &raquo;90px|288px|2px|auto|false|false &raquo; custom_padding= &raquo;1px|||0px|| &raquo; global_colors_info= &raquo;{} &raquo;][et_pb_column type= &raquo;4_4&Prime; _builder_version= &raquo;4.19.5&Prime; _module_preset= &raquo;default &raquo; global_colors_info= &raquo;{} &raquo;][et_pb_text _builder_version= &raquo;4.20.4&Prime; _module_preset= &raquo;65dad63f-7c84-49f7-a8b3-39508daa9fc2&Prime; text_text_color= &raquo;#00871B &raquo; text_font_size= &raquo;34px &raquo; text_letter_spacing= &raquo;5px &raquo; text_line_height= &raquo;1.4em &raquo; background_color= &raquo;#90EE90&Prime; text_orientation= &raquo;justified &raquo; width= &raquo;100% &raquo; max_width= &raquo;100% &raquo; custom_margin_tablet= &raquo; &raquo; custom_margin_phone= &raquo; &raquo; custom_margin_last_edited= &raquo;on|phone &raquo; border_radii= &raquo;on|22px|22px|22px|22px &raquo; global_colors_info= &raquo;{} &raquo;]<\/p>\n<p style=\"text-align: center;\"><strong><\/strong><\/p>\n<p style=\"text-align: center;\"><strong>Calendrier des D\u00e9ductions Fiscales<\/strong><\/p>\n<p style=\"text-align: center;\"><strong><\/strong><\/p>\n<p>[\/et_pb_text][\/et_pb_column][\/et_pb_row][et_pb_row _builder_version= &raquo;4.20.4&Prime; _module_preset= &raquo;default &raquo; width= &raquo;100% &raquo; min_height= &raquo;139px &raquo; height= &raquo;114px &raquo; custom_margin= &raquo;9px|288px|2px|auto|false|false &raquo; custom_padding= &raquo;1px||0px|0px|| &raquo; global_colors_info= &raquo;{} &raquo;][et_pb_column type= &raquo;4_4&Prime; _builder_version= &raquo;4.19.5&Prime; _module_preset= &raquo;default &raquo; global_colors_info= &raquo;{} &raquo;][et_pb_text _builder_version= &raquo;4.20.4&Prime; _module_preset= &raquo;65dad63f-7c84-49f7-a8b3-39508daa9fc2&Prime; text_text_color= &raquo;#00871B &raquo; text_font_size= &raquo;24px &raquo; text_letter_spacing= &raquo;2px &raquo; text_line_height= &raquo;1.7em &raquo; background_color= &raquo;#90EE90&Prime; text_orientation= &raquo;justified &raquo; width= &raquo;100% &raquo; max_width= &raquo;100% &raquo; height= &raquo;1000px &raquo; max_height= &raquo;106px &raquo; custom_margin_tablet= &raquo; &raquo; custom_margin_phone= &raquo; &raquo; custom_margin_last_edited= &raquo;on|phone &raquo; border_radii= &raquo;on|22px|22px|22px|22px &raquo; global_colors_info= &raquo;{} &raquo;]<\/p>\n<p style=\"text-align: center;\"><strong><\/strong><\/p>\n<p style=\"text-align: center;\"><strong>( Exemple sur une Prise en Charge de Longue Dur\u00e9e )\u00a0<\/strong><\/p>\n<p style=\"text-align: center;\"><strong><\/strong><\/p>\n<p>[\/et_pb_text][\/et_pb_column][\/et_pb_row][et_pb_row _builder_version= &raquo;4.20.4&Prime; _module_preset= &raquo;default &raquo; custom_margin= &raquo;-3px|auto|-3px|auto|true|false &raquo; custom_padding= &raquo;4px||||| &raquo; global_colors_info= &raquo;{} &raquo;][et_pb_column type= &raquo;4_4&Prime; _builder_version= &raquo;4.20.4&Prime; _module_preset= &raquo;default &raquo; global_colors_info= &raquo;{} &raquo;][et_pb_image src= &raquo;https:\/\/sylvainbourgois79.com\/wp-content\/uploads\/2023\/04\/p1guablosq1gphlv31ksm1r6h98n4-12-scaled.jpg &raquo; title_text= &raquo;p1guablosq1gphlv31ksm1r6h98n4-12&Prime; _builder_version= &raquo;4.20.4&Prime; _module_preset= &raquo;default &raquo; border_radii= &raquo;on|45px|45px|45px|45px &raquo; global_colors_info= &raquo;{} &raquo;][\/et_pb_image][\/et_pb_column][\/et_pb_row][\/et_pb_section]<\/p>\n","protected":false},"excerpt":{"rendered":"<p>Services \u00e0 la Personne &amp; D\u00e9ductions Fiscales Auto-Entreprise agr\u00e9\u00e9e depuis 2012 Entreprise Ind\u00e9pendante N\u00b0 Siret 538 575 077 A chaque fin de mois, je vous facture simplement mes heures de cours. Vous n&rsquo;avez \u00e0 effectuer aucune d\u00e9claration compl\u00e9mentaire de charges sociales. \u00a0Services \u00e0 la Personne Agr\u00e9ment Officiel\u00a0 \u00a0N\u00b0 2012 0310014 sur les Montants Factur\u00e9s, Vous [&hellip;]<\/p>\n","protected":false},"author":1,"featured_media":0,"parent":0,"menu_order":0,"comment_status":"closed","ping_status":"closed","template":"","meta":{"_et_pb_use_builder":"on","_et_pb_old_content":"<!-- wp:fl-builder\/layout -->\n<h1>\n\t\tEn 2012, j'ai cr\u00e9\u00e9 mon Auto-Entreprise agr\u00e9\u00e9e \"Services \u00e0 la Personnes\".\n\t<\/h1>\n\t\t\t\t<img src=\"http:\/\/sylvainbourgois79.com\/wp-content\/uploads\/2021\/10\/aad2-344.jpg\" alt=\"aad2 344\" itemprop=\"image\" title=\"aad2 344\" onerror=\"this.style.display='none'\"  \/>\n\t<h2>\"Sylvain Bourgois\"<\/h2>\n<h2>Auto-Entreprise de Soutien Scolaire<\/h2>\n<h2>agr\u00e9\u00e9e \"Services \u00e0 la Personnes\".<\/h2>\n<p>&nbsp;<\/p>\n<h2>\u00a0SIRET\u00a0 \u00a0 \u00a0 \u00a0 \u00a0 \u00a0 \u00a0 \u00a0 \u00a0 \u00a0 \u00a0 \u00a0 N\u00b0\u00a0 538 575\u00a0 077 00010<\/h2>\n<h2>Agr\u00e9ment Simple\u00a0 \u00a0 \u00a0N\u00b0\u00a0 \u00a02012031.0014<\/h2>\n<p>&nbsp;<\/p>\n<h1>\n\t\tJe vous explique pas \u00e0 pas les avantages pour vous ...\u00a0\n\t<\/h1>\n\t\t\t\t<img src=\"http:\/\/sylvainbourgois79.com\/wp-content\/uploads\/2021\/10\/unnamed-300x300.jpg\" alt=\"unnamed\" itemprop=\"image\" title=\"unnamed\" onerror=\"this.style.display='none'\"  \/>\n\t<h2><strong>\" L'auto-entrepreneur de services \u00e0 la personne \"\u00a0<\/strong> est un\u00a0<b>prestataire de services<\/b>.<\/h2>\n<h2>\u00a0J'ex\u00e9cute un <b>service<\/b> pour vous et votre enfant.<\/h2>\n<h2><b>En tant qu'usagers, vous \u00eates dispens\u00e9(e)s de<\/b>\u00a0d\u00e9claration en tant que particulier employeur.<\/h2>\n<h2>C'est \u00e0 dire que vous b\u00e9n\u00e9ficiez de l'exon\u00e9ration de cotisations sociales sur l'emploi \u00e0 domicile<\/h2>\n<h2>Vous b\u00e9n\u00e9ficiez en outre des <strong>avantages fiscaux et r\u00e9glementaires<\/strong> des \"services \u00e0 la personnes\". ( voir plus bas )<\/h2>\n\t\t\t\t<img src=\"http:\/\/sylvainbourgois79.com\/wp-content\/uploads\/2021\/10\/6515861.jpg\" alt=\"6515861\" itemprop=\"image\" title=\"6515861\" onerror=\"this.style.display='none'\"  \/>\n\t<h2>Mon Auto-Entreprise est Agr\u00e9\u00e9e \"Services \u00e0 la Personnes\".<\/h2>\n<h2>C'est \u00e0 dire que je suis\u00a0 titulaire d'un \"A<strong>gr\u00e9ment Simple\" pour les \"Services \u00e0 la Personne\". <\/strong><\/h2>\n<h2>C'est une obligation l\u00e9gale\u00a0 qui\u00a0 vous garantit\u00a0 de pouvoir b\u00e9n\u00e9ficier de la r\u00e9duction d'imp\u00f4ts de 50 % sur les montants factur\u00e9s.<\/h2>\n<h2>De plus, les services de l'Unit\u00e9 Territoriale de Paris ont notamment v\u00e9rifi\u00e9 tous <strong>les Dipl\u00f4mes et les Justificatifs<\/strong> n\u00e9cessaires.<\/h2>\n<h2>Le <strong>R\u00e9c\u00e9piss\u00e9 de mon Agr\u00e9ment Simple<\/strong> est <a href=\"https:\/\/sylvainbourgois79.com\/index.php\/agrement-simple\/\">ici<\/a> :<\/h2>\n<p>&nbsp;<\/p>\n<h1>\n\t\tDe plus, vous b\u00e9n\u00e9ficiez d'une r\u00e9duction d'imp\u00f4ts tr\u00e8s avantageuse ... \n\t<\/h1>\n\t\t\t\t<a href=\"http:\/\/sylvainbourgois79.com\/\" target=\"_self\" itemprop=\"url\" rel=\"noopener\">\n\t\t\t\t<img src=\"http:\/\/sylvainbourgois79.com\/wp-content\/uploads\/2021\/10\/aad2-344-1024x865.jpg\" alt=\"aad2 344\" itemprop=\"image\" title=\"aad2 344\" onerror=\"this.style.display='none'\"  \/>\n\t\t\t\t<\/a>\n\t<h2>Le Soutien Scolaire fait partie des activit\u00e9s li\u00e9es au \"Services \u00e0 la Personne\"<\/h2>\n<h2>Ces activit\u00e9s permettent l'assistance des personnes dans leurs t\u00e2ches quotidiennes \u00e0 leur domicile.<\/h2>\n\n\t\t\t\t<img src=\"http:\/\/sylvainbourgois79.com\/wp-content\/uploads\/2021\/10\/reduction_credit_impots_500x500.jpeg\" alt=\"reduction_credit_impots_500x500\" itemprop=\"image\" title=\"reduction_credit_impots_500x500\" onerror=\"this.style.display='none'\"  \/>\n\t<h2>Vous b\u00e9n\u00e9ficiez de 50 % de cr\u00e9dit d'imp\u00f4t sur la totalit\u00e9 des d\u00e9penses engag\u00e9es.<\/h2>\n<h2>Cette r\u00e9duction d'imp\u00f4ts est valide sous r\u00e9serve de ne pas d\u00e9passer le plafond de d\u00e9pense fix\u00e9 \u00e0 12 000 \u20ac par an.<\/h2>\n\t\t\t\t<img src=\"http:\/\/sylvainbourgois79.com\/wp-content\/uploads\/2021\/10\/avantages-fiscaux2-small-copy-ri.jpg\" alt=\"avantages-fiscaux2-small-copy-ri\" itemprop=\"image\" title=\"avantages-fiscaux2-small-copy-ri\" onerror=\"this.style.display='none'\"  \/>\n\t<h2>Je vous explique comment indiquer les montants factur\u00e9s sur votre d\u00e9claration de revenus de l'ann\u00e9e N.<\/h2>\n<h2>Il s'agit d'inscrire dans la bonne \"case\" les montants factur\u00e9s au cours de l'ann\u00e9e fiscale pr\u00e9c\u00e9dente, N-1.<\/h2>\n<h2><strong><a href=\"#\">En Savoir Plus ...<\/a><\/strong><\/h2>\n<h1>\n\t\tVous devez simplement conserver les Factures et les Attestations Fiscales\n\t<\/h1>\n\t\t\t\t<a href=\"https:\/\/sylvainbourgois79.com\/index.php\/attestation-fiscale\/\" target=\"_self\" itemprop=\"url\" rel=\"noopener\">\n\t\t\t\t<img src=\"https:\/\/sylvainbourgois79.com\/wp-content\/uploads\/2021\/10\/attestation-fiscale-2021-exemmple-300x205.png\" alt=\"attestation fiscale 2021 exemmple\" itemprop=\"image\" height=\"205\" width=\"300\" title=\"attestation fiscale 2021 exemmple\" onerror=\"this.style.display='none'\"  \/>\n\t\t\t\t<\/a>\n\t<h2>Je vous fournis une \"attestation fiscale\" \u00e0 la fin de chaque ann\u00e9e fiscale.<\/h2>\n<h2>L'ensemble des montants factur\u00e9s s'y trouve indiqu\u00e9.<\/h2>\n<h2>Ce document doit \u00eatre conserv\u00e9 et \u00e9ventuellement transmis aux services fiscaux.<\/h2>\n<h2>Je tiens \u00e0 votre disposition l'ensemble des copies n\u00e9cessaires.<\/h2>\n\n\t\t\t\t<a href=\"https:\/\/sylvainbourgois79.com\/index.php\/factures\/\" target=\"_blank\" rel=\"noopener\" itemprop=\"url\">\n\t\t\t\t<img src=\"https:\/\/sylvainbourgois79.com\/wp-content\/uploads\/2021\/10\/facture-type-2021-300x161.png\" alt=\"facture type 2021\" itemprop=\"image\" height=\"161\" width=\"300\" title=\"facture type 2021\" onerror=\"this.style.display='none'\"  \/>\n\t\t\t\t<\/a>\n\t<h2>Je vous fournis une \"facture\" mensuelle \u00e0 votre nom.<\/h2>\n<h2>Cette facture est accompagn\u00e9e d'un \"relev\u00e9 de prestations fournies\" (\u00a0 jour et dur\u00e9e des interventions).<\/h2>\n<h2>Dans le cadre des \"Services \u00e0 la Personne\", vous devez seulement conserver l'ensemble des \"factures\"<\/h2>\n<h2>Je tiens \u00e0 votre disposition des copies en cas de besoin.<\/h2>\n<h2>Cette facture peut-\u00eatre pay\u00e9 par virement bancaire<\/h2>\n<h1>\n\t\t<a href=\"https:\/\/sylvainbourgois79.com\/index.php\/contact\/\" title=\"Je suis \u00e0 votre enti\u00e8re disposition pour toutes vos questions lors de la prise de contact\u00a0\" target=\"_blank\" rel=\"noopener\">\n\t\tJe suis \u00e0 votre enti\u00e8re disposition pour toutes vos questions lors de la prise de contact\u00a0\n\t\t<\/a>\n\t<\/h1>\n\n<!-- \/wp:fl-builder\/layout -->","_et_gb_content_width":""},"_links":{"self":[{"href":"https:\/\/sylvainbourgois79.com\/index.php?rest_route=\/wp\/v2\/pages\/673"}],"collection":[{"href":"https:\/\/sylvainbourgois79.com\/index.php?rest_route=\/wp\/v2\/pages"}],"about":[{"href":"https:\/\/sylvainbourgois79.com\/index.php?rest_route=\/wp\/v2\/types\/page"}],"author":[{"embeddable":true,"href":"https:\/\/sylvainbourgois79.com\/index.php?rest_route=\/wp\/v2\/users\/1"}],"replies":[{"embeddable":true,"href":"https:\/\/sylvainbourgois79.com\/index.php?rest_route=%2Fwp%2Fv2%2Fcomments&post=673"}],"version-history":[{"count":73,"href":"https:\/\/sylvainbourgois79.com\/index.php?rest_route=\/wp\/v2\/pages\/673\/revisions"}],"predecessor-version":[{"id":3197,"href":"https:\/\/sylvainbourgois79.com\/index.php?rest_route=\/wp\/v2\/pages\/673\/revisions\/3197"}],"wp:attachment":[{"href":"https:\/\/sylvainbourgois79.com\/index.php?rest_route=%2Fwp%2Fv2%2Fmedia&parent=673"}],"curies":[{"name":"wp","href":"https:\/\/api.w.org\/{rel}","templated":true}]}}